{"id":27981,"date":"2022-02-01T17:27:50","date_gmt":"2022-02-01T20:27:50","guid":{"rendered":"https:\/\/www.muniquintero.cl\/index.php\/historia-de-quintero-2022\/"},"modified":"2025-01-02T10:31:51","modified_gmt":"2025-01-02T14:31:51","slug":"historia-de-quintero-2022","status":"publish","type":"page","link":"https:\/\/www.muniquintero.cl\/index.php\/historia-de-quintero-2022\/","title":{"rendered":"Historia de Quintero [2022]"},"content":{"rendered":"\t\t<div data-elementor-type=\"wp-page\" data-elementor-id=\"27981\" class=\"elementor elementor-27981\" data-elementor-post-type=\"page\">\n\t\t\t\t\t\t<section class=\"ob-is-breaking-bad elementor-section elementor-top-section elementor-element elementor-element-11bfb21d elementor-section-boxed elementor-section-height-default elementor-section-height-default\" data-id=\"11bfb21d\" data-element_type=\"section\" data-e-type=\"section\" data-settings=\"{&quot;_ob_bbad_use_it&quot;:&quot;yes&quot;,&quot;_ob_bbad_sssic_use&quot;:&quot;no&quot;,&quot;_ob_glider_is_slider&quot;:&quot;no&quot;}\">\n\t\t\t\t\t\t<div class=\"elementor-container elementor-column-gap-default\">\n\t\t\t\t\t<div class=\"elementor-column elementor-col-100 elementor-top-column elementor-element elementor-element-6c393594\" data-id=\"6c393594\" data-element_type=\"column\" data-e-type=\"column\" data-settings=\"{&quot;background_background&quot;:&quot;classic&quot;,&quot;_ob_bbad_is_stalker&quot;:&quot;no&quot;,&quot;_ob_teleporter_use&quot;:false,&quot;_ob_column_hoveranimator&quot;:&quot;no&quot;,&quot;_ob_column_has_pseudo&quot;:&quot;no&quot;}\">\n\t\t\t<div class=\"elementor-widget-wrap\">\n\t\t\t\t\t<div class=\"elementor-background-overlay\"><\/div>\n\t\t\t\t\t\t\t<\/div>\n\t\t<\/div>\n\t\t\t\t\t<\/div>\n\t\t<\/section>\n\t\t\t\t<section class=\"ob-is-breaking-bad elementor-section elementor-top-section elementor-element elementor-element-4cad3090 elementor-section-boxed elementor-section-height-default elementor-section-height-default\" data-id=\"4cad3090\" data-element_type=\"section\" data-e-type=\"section\" data-settings=\"{&quot;_ob_bbad_use_it&quot;:&quot;yes&quot;,&quot;_ob_bbad_sssic_use&quot;:&quot;no&quot;,&quot;_ob_glider_is_slider&quot;:&quot;no&quot;}\">\n\t\t\t\t\t\t<div class=\"elementor-container elementor-column-gap-default\">\n\t\t\t\t\t<div class=\"elementor-column elementor-col-100 elementor-top-column elementor-element elementor-element-225709eb\" data-id=\"225709eb\" data-element_type=\"column\" data-e-type=\"column\" data-settings=\"{&quot;_ob_bbad_is_stalker&quot;:&quot;no&quot;,&quot;_ob_teleporter_use&quot;:false,&quot;_ob_column_hoveranimator&quot;:&quot;no&quot;,&quot;_ob_column_has_pseudo&quot;:&quot;no&quot;}\">\n\t\t\t<div class=\"elementor-widget-wrap elementor-element-populated\">\n\t\t\t\t\t\t<div class=\"elementor-element elementor-element-614dffc6 ob-harakiri-inherit ob-has-background-overlay elementor-widget elementor-widget-heading\" data-id=\"614dffc6\" data-element_type=\"widget\" data-e-type=\"widget\" data-settings=\"{&quot;_ob_use_harakiri&quot;:&quot;yes&quot;,&quot;_ob_harakiri_writing_mode&quot;:&quot;inherit&quot;,&quot;_ob_harakiri_text_clip&quot;:&quot;none&quot;,&quot;_ob_perspektive_use&quot;:&quot;no&quot;,&quot;_ob_poopart_use&quot;:&quot;yes&quot;,&quot;_ob_shadough_use&quot;:&quot;no&quot;,&quot;_ob_allow_hoveranimator&quot;:&quot;no&quot;,&quot;_ob_widget_stalker_use&quot;:&quot;no&quot;}\" data-widget_type=\"heading.default\">\n\t\t\t\t<div class=\"elementor-widget-container\">\n\t\t\t\t\t<h2 class=\"elementor-heading-title elementor-size-default\"><b>Por Cruz Carvajal,<\/b> <br>mag\u00edster en Historia de Chile y Am\u00e9rica<\/h2>\t\t\t\t<\/div>\n\t\t\t\t<\/div>\n\t\t\t\t<div class=\"elementor-element elementor-element-65ff1736 elementor-widget-divider--view-line ob-has-background-overlay elementor-widget elementor-widget-divider\" data-id=\"65ff1736\" data-element_type=\"widget\" data-e-type=\"widget\" data-settings=\"{&quot;_ob_perspektive_use&quot;:&quot;no&quot;,&quot;_ob_poopart_use&quot;:&quot;yes&quot;,&quot;_ob_shadough_use&quot;:&quot;no&quot;,&quot;_ob_allow_hoveranimator&quot;:&quot;no&quot;,&quot;_ob_widget_stalker_use&quot;:&quot;no&quot;}\" data-widget_type=\"divider.default\">\n\t\t\t\t<div class=\"elementor-widget-container\">\n\t\t\t\t\t\t\t<div class=\"elementor-divider\">\n\t\t\t<span class=\"elementor-divider-separator\">\n\t\t\t\t\t\t<\/span>\n\t\t<\/div>\n\t\t\t\t\t\t<\/div>\n\t\t\t\t<\/div>\n\t\t\t\t<div class=\"elementor-element elementor-element-42d144fd elementor-widget-divider--view-line ob-has-background-overlay elementor-widget elementor-widget-divider\" data-id=\"42d144fd\" data-element_type=\"widget\" data-e-type=\"widget\" data-settings=\"{&quot;_ob_perspektive_use&quot;:&quot;no&quot;,&quot;_ob_poopart_use&quot;:&quot;yes&quot;,&quot;_ob_shadough_use&quot;:&quot;no&quot;,&quot;_ob_allow_hoveranimator&quot;:&quot;no&quot;,&quot;_ob_widget_stalker_use&quot;:&quot;no&quot;}\" data-widget_type=\"divider.default\">\n\t\t\t\t<div class=\"elementor-widget-container\">\n\t\t\t\t\t\t\t<div class=\"elementor-divider\">\n\t\t\t<span class=\"elementor-divider-separator\">\n\t\t\t\t\t\t<\/span>\n\t\t<\/div>\n\t\t\t\t\t\t<\/div>\n\t\t\t\t<\/div>\n\t\t\t\t\t<\/div>\n\t\t<\/div>\n\t\t\t\t\t<\/div>\n\t\t<\/section>\n\t\t\t\t<section class=\"ob-is-breaking-bad elementor-section elementor-top-section elementor-element elementor-element-10e3c958 elementor-section-boxed elementor-section-height-default elementor-section-height-default\" data-id=\"10e3c958\" data-element_type=\"section\" data-e-type=\"section\" data-settings=\"{&quot;_ob_bbad_use_it&quot;:&quot;yes&quot;,&quot;_ob_bbad_sssic_use&quot;:&quot;no&quot;,&quot;_ob_glider_is_slider&quot;:&quot;no&quot;}\">\n\t\t\t\t\t\t<div class=\"elementor-container elementor-column-gap-default\">\n\t\t\t\t\t<div class=\"elementor-column elementor-col-50 elementor-top-column elementor-element elementor-element-2feffdfc\" data-id=\"2feffdfc\" data-element_type=\"column\" data-e-type=\"column\" data-settings=\"{&quot;_ob_bbad_is_stalker&quot;:&quot;no&quot;,&quot;_ob_teleporter_use&quot;:false,&quot;_ob_column_hoveranimator&quot;:&quot;no&quot;,&quot;_ob_column_has_pseudo&quot;:&quot;no&quot;}\">\n\t\t\t<div class=\"elementor-widget-wrap elementor-element-populated\">\n\t\t\t\t\t\t<div class=\"elementor-element elementor-element-d7365e6 ob-has-background-overlay elementor-widget elementor-widget-image\" data-id=\"d7365e6\" data-element_type=\"widget\" data-e-type=\"widget\" data-settings=\"{&quot;_ob_photomorph_use&quot;:&quot;no&quot;,&quot;_ob_perspektive_use&quot;:&quot;no&quot;,&quot;_ob_poopart_use&quot;:&quot;yes&quot;,&quot;_ob_shadough_use&quot;:&quot;no&quot;,&quot;_ob_allow_hoveranimator&quot;:&quot;no&quot;,&quot;_ob_widget_stalker_use&quot;:&quot;no&quot;}\" data-widget_type=\"image.default\">\n\t\t\t\t<div class=\"elementor-widget-container\">\n\t\t\t\t\t\t\t\t\t\t\t\t\t\t\t<img fetchpriority=\"high\" decoding=\"async\" width=\"400\" height=\"400\" src=\"https:\/\/www.muniquintero.cl\/wp-content\/uploads\/2022\/02\/cruz.png\" class=\"attachment-large size-large wp-image-28280\" alt=\"\" srcset=\"https:\/\/www.muniquintero.cl\/wp-content\/uploads\/2022\/02\/cruz.png 400w, https:\/\/www.muniquintero.cl\/wp-content\/uploads\/2022\/02\/cruz-300x300.png 300w, https:\/\/www.muniquintero.cl\/wp-content\/uploads\/2022\/02\/cruz-150x150.png 150w\" sizes=\"(max-width: 400px) 100vw, 400px\" \/>\t\t\t\t\t\t\t\t\t\t\t\t\t\t\t<\/div>\n\t\t\t\t<\/div>\n\t\t\t\t\t<\/div>\n\t\t<\/div>\n\t\t\t\t<div class=\"elementor-column elementor-col-50 elementor-top-column elementor-element elementor-element-70c7a052\" data-id=\"70c7a052\" data-element_type=\"column\" data-e-type=\"column\" data-settings=\"{&quot;_ob_bbad_is_stalker&quot;:&quot;no&quot;,&quot;_ob_teleporter_use&quot;:false,&quot;_ob_column_hoveranimator&quot;:&quot;no&quot;,&quot;_ob_column_has_pseudo&quot;:&quot;no&quot;}\">\n\t\t\t<div class=\"elementor-widget-wrap elementor-element-populated\">\n\t\t\t\t\t\t<div class=\"elementor-element elementor-element-73cf33fe ob-harakiri-inherit ob-has-background-overlay elementor-widget elementor-widget-text-editor\" data-id=\"73cf33fe\" data-element_type=\"widget\" data-e-type=\"widget\" data-settings=\"{&quot;_ob_use_harakiri&quot;:&quot;yes&quot;,&quot;_ob_harakiri_writing_mode&quot;:&quot;inherit&quot;,&quot;_ob_postman_use&quot;:&quot;no&quot;,&quot;_ob_perspektive_use&quot;:&quot;no&quot;,&quot;_ob_poopart_use&quot;:&quot;yes&quot;,&quot;_ob_shadough_use&quot;:&quot;no&quot;,&quot;_ob_allow_hoveranimator&quot;:&quot;no&quot;,&quot;_ob_widget_stalker_use&quot;:&quot;no&quot;}\" data-widget_type=\"text-editor.default\">\n\t\t\t\t<div class=\"elementor-widget-container\">\n\t\t\t\t\t\t\t\t\t<p>Quintero es una comuna costera perteneciente a la provincia de Valpara\u00edso, regi\u00f3n de Valpara\u00edso y debe su nombre, de acuerdo a la tradici\u00f3n y algunos historiadores, a la llegada a su bah\u00eda de la peque\u00f1a Nao \u00abSantiaguillo\u00bb, comandada por el joven piloto andaluz Alonso De Quintero\u200b, cuya misi\u00f3n era apoyar y abastecer por mar la expedici\u00f3n del descubridor Diego de Almagro, que viajaba por tierra. Hecho ocurrido a mediados de agosto de 1536.<br \/><br \/>En esa \u00e9poca, los marinos espa\u00f1oles confeccionaban cartas de navegaci\u00f3n en su reconocimiento de las costas, y eso es lo que hace don Alonso de esta bah\u00eda, quedando oficialmente consignada para la Real Armada Espa\u00f1ola como la \u00abBah\u00eda de Quintero\u00bb.<br \/><br \/>Sus habitantes originarios se remontan a bandas conocidas como \u201clos hombres de los conchales\u201d, posteriormente entre el 860 a. C. al 800 d.C. viven en todo el \u00e1rea los grupos que forman la Cultura Bato y sus descendientes las familias que son parte de la Cultura Aconcagua entre el 900 al 1536, ambos grupos se destacaron por su alfarer\u00eda, por vivir cerca de los cursos de r\u00edos, esteros o cerca del oc\u00e9ano, entre otras caracter\u00edsticas.<\/p>\t\t\t\t\t\t\t\t<\/div>\n\t\t\t\t<\/div>\n\t\t\t\t\t<\/div>\n\t\t<\/div>\n\t\t\t\t\t<\/div>\n\t\t<\/section>\n\t\t\t\t<section class=\"ob-is-breaking-bad elementor-section elementor-top-section elementor-element elementor-element-4156752c elementor-section-boxed elementor-section-height-default elementor-section-height-default\" data-id=\"4156752c\" data-element_type=\"section\" data-e-type=\"section\" data-settings=\"{&quot;_ob_bbad_use_it&quot;:&quot;yes&quot;,&quot;_ob_bbad_sssic_use&quot;:&quot;no&quot;,&quot;_ob_glider_is_slider&quot;:&quot;no&quot;}\">\n\t\t\t\t\t\t<div class=\"elementor-container elementor-column-gap-default\">\n\t\t\t\t\t<div class=\"elementor-column elementor-col-100 elementor-top-column elementor-element elementor-element-5436fa8b\" data-id=\"5436fa8b\" data-element_type=\"column\" data-e-type=\"column\" data-settings=\"{&quot;_ob_bbad_is_stalker&quot;:&quot;no&quot;,&quot;_ob_teleporter_use&quot;:false,&quot;_ob_column_hoveranimator&quot;:&quot;no&quot;,&quot;_ob_column_has_pseudo&quot;:&quot;no&quot;}\">\n\t\t\t<div class=\"elementor-widget-wrap elementor-element-populated\">\n\t\t\t\t\t\t<div class=\"elementor-element elementor-element-a0c7c88 ob-harakiri-inherit ob-has-background-overlay elementor-widget elementor-widget-text-editor\" data-id=\"a0c7c88\" data-element_type=\"widget\" data-e-type=\"widget\" data-settings=\"{&quot;_ob_use_harakiri&quot;:&quot;yes&quot;,&quot;_ob_harakiri_writing_mode&quot;:&quot;inherit&quot;,&quot;_ob_postman_use&quot;:&quot;no&quot;,&quot;_ob_perspektive_use&quot;:&quot;no&quot;,&quot;_ob_poopart_use&quot;:&quot;yes&quot;,&quot;_ob_shadough_use&quot;:&quot;no&quot;,&quot;_ob_allow_hoveranimator&quot;:&quot;no&quot;,&quot;_ob_widget_stalker_use&quot;:&quot;no&quot;}\" data-widget_type=\"text-editor.default\">\n\t\t\t\t<div class=\"elementor-widget-container\">\n\t\t\t\t\t\t\t\t\t<p>Durante ese siglo, el lugar aparece como destino a visitar por connotados investigadores, como el ingl\u00e9s Charles Darwin o el pol\u00edtico, historiador y escritor chileno Benjam\u00edn Vicu\u00f1a Mackenna.<\/p>\t\t\t\t\t\t\t\t<\/div>\n\t\t\t\t<\/div>\n\t\t\t\t\t<\/div>\n\t\t<\/div>\n\t\t\t\t\t<\/div>\n\t\t<\/section>\n\t\t\t\t<section class=\"ob-is-breaking-bad elementor-section elementor-top-section elementor-element elementor-element-55625a64 elementor-section-boxed elementor-section-height-default elementor-section-height-default\" data-id=\"55625a64\" data-element_type=\"section\" data-e-type=\"section\" data-settings=\"{&quot;_ob_bbad_use_it&quot;:&quot;yes&quot;,&quot;_ob_bbad_sssic_use&quot;:&quot;no&quot;,&quot;_ob_glider_is_slider&quot;:&quot;no&quot;}\">\n\t\t\t\t\t\t<div class=\"elementor-container elementor-column-gap-default\">\n\t\t\t\t\t<div class=\"elementor-column elementor-col-50 elementor-top-column elementor-element elementor-element-1e1c7c3\" data-id=\"1e1c7c3\" data-element_type=\"column\" data-e-type=\"column\" data-settings=\"{&quot;_ob_bbad_is_stalker&quot;:&quot;no&quot;,&quot;_ob_teleporter_use&quot;:false,&quot;_ob_column_hoveranimator&quot;:&quot;no&quot;,&quot;_ob_column_has_pseudo&quot;:&quot;no&quot;}\">\n\t\t\t<div class=\"elementor-widget-wrap elementor-element-populated\">\n\t\t\t\t\t\t<div class=\"elementor-element elementor-element-613f56ec ob-harakiri-inherit ob-has-background-overlay elementor-widget elementor-widget-text-editor\" data-id=\"613f56ec\" data-element_type=\"widget\" data-e-type=\"widget\" data-settings=\"{&quot;_ob_use_harakiri&quot;:&quot;yes&quot;,&quot;_ob_harakiri_writing_mode&quot;:&quot;inherit&quot;,&quot;_ob_postman_use&quot;:&quot;no&quot;,&quot;_ob_perspektive_use&quot;:&quot;no&quot;,&quot;_ob_poopart_use&quot;:&quot;yes&quot;,&quot;_ob_shadough_use&quot;:&quot;no&quot;,&quot;_ob_allow_hoveranimator&quot;:&quot;no&quot;,&quot;_ob_widget_stalker_use&quot;:&quot;no&quot;}\" data-widget_type=\"text-editor.default\">\n\t\t\t\t<div class=\"elementor-widget-container\">\n\t\t\t\t\t\t\t\t\t<p>La bah\u00eda de Quintero, cerrada y con forma de herradura, protegida del viento Sur, adyacente a zonas con agua fresca y pura de esteros y cercana al r\u00edo Aconcagua, con bastante madera en las cercan\u00edas, abundantes productos del mar y animales de caza, la hicieron un paso obligado de abastecimiento y resguardo de Corsarios que asolaban las costas americanas, como Drake, Cavendish, Spilbergen. Durante los siguientes a\u00f1os Quintero prosper\u00f3 en la agricultura y ganader\u00eda, pero no se utiliza como puerto, los primeros en hacerlo fueron los sacerdotes jesuitas quienes sacaron por Quintero la producci\u00f3n de sus haciendas del sector; a inicios del siglo XVII la estancia estaba en posesi\u00f3n de don Sim\u00f3n D\u00edaz Hidalgo, en su calidad de encomendero.<\/p><p>En el siglo XIX, la presencia del vicealmirante, Lord Thomas Cochrane, quien adquiere en 1820 las haciendas de Quintero y Valle Alegre, parece que traer\u00eda un gran porvenir para la zona, pero el almirante debe partir en 1823. Durante ese siglo, el lugar aparece como destino a visitar por connotados investigadores, como el ingl\u00e9s Charles Darwin o el pol\u00edtico, historiador y escritor chileno Benjam\u00edn Vicu\u00f1a Mackenna, o el inversionista Luis Cousi\u00f1o Squella y su hijo Luis Alberto Cousi\u00f1o Goyenechea, el que, junto a su esposa, Luisa Sebir\u00e9, dan vida a la idea de su padre, desarrollar la Sociedad Ferrocarril, Puerto y Balneario de Quintero. Hermoso proyecto que dio origen a m\u00faltiples obras de adelanto urbano, portuario y ferroviario, pero que termin\u00f3 en la quiebra.<\/p>\t\t\t\t\t\t\t\t<\/div>\n\t\t\t\t<\/div>\n\t\t\t\t\t<\/div>\n\t\t<\/div>\n\t\t\t\t<div class=\"elementor-column elementor-col-50 elementor-top-column elementor-element elementor-element-77b2915e\" data-id=\"77b2915e\" data-element_type=\"column\" data-e-type=\"column\" data-settings=\"{&quot;_ob_bbad_is_stalker&quot;:&quot;no&quot;,&quot;_ob_teleporter_use&quot;:false,&quot;_ob_column_hoveranimator&quot;:&quot;no&quot;,&quot;_ob_column_has_pseudo&quot;:&quot;no&quot;}\">\n\t\t\t<div class=\"elementor-widget-wrap elementor-element-populated\">\n\t\t\t\t\t\t<div class=\"elementor-element elementor-element-17af9e0f ob-has-background-overlay elementor-widget elementor-widget-image\" data-id=\"17af9e0f\" data-element_type=\"widget\" data-e-type=\"widget\" data-settings=\"{&quot;_ob_photomorph_use&quot;:&quot;no&quot;,&quot;_ob_perspektive_use&quot;:&quot;no&quot;,&quot;_ob_poopart_use&quot;:&quot;yes&quot;,&quot;_ob_shadough_use&quot;:&quot;no&quot;,&quot;_ob_allow_hoveranimator&quot;:&quot;no&quot;,&quot;_ob_widget_stalker_use&quot;:&quot;no&quot;}\" data-widget_type=\"image.default\">\n\t\t\t\t<div class=\"elementor-widget-container\">\n\t\t\t\t\t\t\t\t\t\t\t\t\t\t\t<img decoding=\"async\" width=\"400\" height=\"400\" src=\"https:\/\/www.muniquintero.cl\/wp-content\/uploads\/2022\/02\/Ellipse-9.png\" class=\"attachment-large size-large wp-image-27984\" alt=\"\" srcset=\"https:\/\/www.muniquintero.cl\/wp-content\/uploads\/2022\/02\/Ellipse-9.png 400w, https:\/\/www.muniquintero.cl\/wp-content\/uploads\/2022\/02\/Ellipse-9-300x300.png 300w, https:\/\/www.muniquintero.cl\/wp-content\/uploads\/2022\/02\/Ellipse-9-150x150.png 150w\" sizes=\"(max-width: 400px) 100vw, 400px\" \/>\t\t\t\t\t\t\t\t\t\t\t\t\t\t\t<\/div>\n\t\t\t\t<\/div>\n\t\t\t\t\t<\/div>\n\t\t<\/div>\n\t\t\t\t\t<\/div>\n\t\t<\/section>\n\t\t\t\t<section class=\"ob-is-breaking-bad elementor-section elementor-top-section elementor-element elementor-element-43215ce6 elementor-section-boxed elementor-section-height-default elementor-section-height-default\" data-id=\"43215ce6\" data-element_type=\"section\" data-e-type=\"section\" data-settings=\"{&quot;_ob_bbad_use_it&quot;:&quot;yes&quot;,&quot;_ob_bbad_sssic_use&quot;:&quot;no&quot;,&quot;_ob_glider_is_slider&quot;:&quot;no&quot;}\">\n\t\t\t\t\t\t<div class=\"elementor-container elementor-column-gap-default\">\n\t\t\t\t\t<div class=\"elementor-column elementor-col-100 elementor-top-column elementor-element elementor-element-656493c3\" data-id=\"656493c3\" data-element_type=\"column\" data-e-type=\"column\" data-settings=\"{&quot;_ob_bbad_is_stalker&quot;:&quot;no&quot;,&quot;_ob_teleporter_use&quot;:false,&quot;_ob_column_hoveranimator&quot;:&quot;no&quot;,&quot;_ob_column_has_pseudo&quot;:&quot;no&quot;}\">\n\t\t\t<div class=\"elementor-widget-wrap elementor-element-populated\">\n\t\t\t\t\t\t<div class=\"elementor-element elementor-element-5aa8a02e ob-harakiri-inherit ob-has-background-overlay elementor-widget elementor-widget-text-editor\" data-id=\"5aa8a02e\" data-element_type=\"widget\" data-e-type=\"widget\" data-settings=\"{&quot;_ob_use_harakiri&quot;:&quot;yes&quot;,&quot;_ob_harakiri_writing_mode&quot;:&quot;inherit&quot;,&quot;_ob_postman_use&quot;:&quot;no&quot;,&quot;_ob_perspektive_use&quot;:&quot;no&quot;,&quot;_ob_poopart_use&quot;:&quot;yes&quot;,&quot;_ob_shadough_use&quot;:&quot;no&quot;,&quot;_ob_allow_hoveranimator&quot;:&quot;no&quot;,&quot;_ob_widget_stalker_use&quot;:&quot;no&quot;}\" data-widget_type=\"text-editor.default\">\n\t\t\t\t<div class=\"elementor-widget-container\">\n\t\t\t\t\t\t\t\t\t<p>Quintero, cumple en la actualidad los siguientes roles: tur\u00edstico por sus condiciones naturales, inmobiliario tanto en la zona urbana como rural, y portuario, alz\u00e1ndose como el puerto con mayor carga de graneles l\u00edquidos.<\/p>\t\t\t\t\t\t\t\t<\/div>\n\t\t\t\t<\/div>\n\t\t\t\t\t<\/div>\n\t\t<\/div>\n\t\t\t\t\t<\/div>\n\t\t<\/section>\n\t\t\t\t<section class=\"ob-is-breaking-bad elementor-section elementor-top-section elementor-element elementor-element-60c4f864 elementor-section-boxed elementor-section-height-default elementor-section-height-default\" data-id=\"60c4f864\" data-element_type=\"section\" data-e-type=\"section\" data-settings=\"{&quot;_ob_bbad_use_it&quot;:&quot;yes&quot;,&quot;_ob_bbad_sssic_use&quot;:&quot;no&quot;,&quot;_ob_glider_is_slider&quot;:&quot;no&quot;}\">\n\t\t\t\t\t\t<div class=\"elementor-container elementor-column-gap-default\">\n\t\t\t\t\t<div class=\"elementor-column elementor-col-100 elementor-top-column elementor-element elementor-element-dcc60b1\" data-id=\"dcc60b1\" data-element_type=\"column\" data-e-type=\"column\" data-settings=\"{&quot;_ob_bbad_is_stalker&quot;:&quot;no&quot;,&quot;_ob_teleporter_use&quot;:false,&quot;_ob_column_hoveranimator&quot;:&quot;no&quot;,&quot;_ob_column_has_pseudo&quot;:&quot;no&quot;}\">\n\t\t\t<div class=\"elementor-widget-wrap elementor-element-populated\">\n\t\t\t\t\t\t<div class=\"elementor-element elementor-element-2531031c ob-harakiri-inherit ob-has-background-overlay elementor-widget elementor-widget-text-editor\" data-id=\"2531031c\" data-element_type=\"widget\" data-e-type=\"widget\" data-settings=\"{&quot;_ob_use_harakiri&quot;:&quot;yes&quot;,&quot;_ob_harakiri_writing_mode&quot;:&quot;inherit&quot;,&quot;_ob_postman_use&quot;:&quot;no&quot;,&quot;_ob_perspektive_use&quot;:&quot;no&quot;,&quot;_ob_poopart_use&quot;:&quot;yes&quot;,&quot;_ob_shadough_use&quot;:&quot;no&quot;,&quot;_ob_allow_hoveranimator&quot;:&quot;no&quot;,&quot;_ob_widget_stalker_use&quot;:&quot;no&quot;}\" data-widget_type=\"text-editor.default\">\n\t\t\t\t<div class=\"elementor-widget-container\">\n\t\t\t\t\t\t\t\t\t<p>En la d\u00e9cada de los a\u00f1os veinte del siglo pasado, el Estado de Chile instala una base Aeronaval dando inicio a las comunicaciones a\u00e9reas en el pa\u00eds, la que en los a\u00f1os treinta da paso a una base de la Fuerza A\u00e9rea, la que ha dado un fuerte impulso a las comunicaciones de nuestro pa\u00eds en su condici\u00f3n de naci\u00f3n tricontinental y actualmente, en especial apoyando a la ciudadan\u00eda en los desastres naturales.<\/p><p>Quintero, cumple en la actualidad los siguientes roles: tur\u00edstico por sus condiciones naturales, inmobiliario tanto en la zona urbana como rural, y portuario, alz\u00e1ndose como el puerto con mayor carga de graneles l\u00edquidos. Sus autoridades, encabezadas por el alcalde Rolando Silva Fuentes, le han dado un impulso en su desarrollo y modernizaci\u00f3n hasta ahora nunca antes visto, que permite invitar a los turistas con la seguridad que podr\u00e1n disfrutar durante todo el a\u00f1o de una ciudad amable y tranquila, con buena gastronom\u00eda y m\u00faltiples lugares para visitar.<\/p>\t\t\t\t\t\t\t\t<\/div>\n\t\t\t\t<\/div>\n\t\t\t\t\t<\/div>\n\t\t<\/div>\n\t\t\t\t\t<\/div>\n\t\t<\/section>\n\t\t\t\t<\/div>\n\t\t","protected":false},"excerpt":{"rendered":"<p>Por Cruz Carvajal, mag\u00edster en Historia de Chile y Am\u00e9rica Quintero es una comuna costera perteneciente a la provincia de Valpara\u00edso, regi\u00f3n de Valpara\u00edso y debe su nombre, de acuerdo a la tradici\u00f3n y algunos historiadores, a la llegada a su bah\u00eda de la peque\u00f1a Nao \u00abSantiaguillo\u00bb, comandada por el joven piloto andaluz Alonso De [&hellip;]<\/p>\n","protected":false},"author":1,"featured_media":27880,"parent":0,"menu_order":0,"comment_status":"closed","ping_status":"closed","template":"","meta":{"footnotes":""},"class_list":["post-27981","page","type-page","status-publish","has-post-thumbnail","hentry"],"_links":{"self":[{"href":"https:\/\/www.muniquintero.cl\/index.php\/wp-json\/wp\/v2\/pages\/27981","targetHints":{"allow":["GET"]}}],"collection":[{"href":"https:\/\/www.muniquintero.cl\/index.php\/wp-json\/wp\/v2\/pages"}],"about":[{"href":"https:\/\/www.muniquintero.cl\/index.php\/wp-json\/wp\/v2\/types\/page"}],"author":[{"embeddable":true,"href":"https:\/\/www.muniquintero.cl\/index.php\/wp-json\/wp\/v2\/users\/1"}],"replies":[{"embeddable":true,"href":"https:\/\/www.muniquintero.cl\/index.php\/wp-json\/wp\/v2\/comments?post=27981"}],"version-history":[{"count":11,"href":"https:\/\/www.muniquintero.cl\/index.php\/wp-json\/wp\/v2\/pages\/27981\/revisions"}],"predecessor-version":[{"id":41412,"href":"https:\/\/www.muniquintero.cl\/index.php\/wp-json\/wp\/v2\/pages\/27981\/revisions\/41412"}],"wp:featuredmedia":[{"embeddable":true,"href":"https:\/\/www.muniquintero.cl\/index.php\/wp-json\/wp\/v2\/media\/27880"}],"wp:attachment":[{"href":"https:\/\/www.muniquintero.cl\/index.php\/wp-json\/wp\/v2\/media?parent=27981"}],"curies":[{"name":"wp","href":"https:\/\/api.w.org\/{rel}","templated":true}]}}